{"id":17891,"date":"2023-01-11T19:19:00","date_gmt":"2023-01-11T18:19:00","guid":{"rendered":"http:\/\/frankenbach.bibibo.info\/?page_id=17891"},"modified":"2023-01-11T19:19:00","modified_gmt":"2023-01-11T18:19:00","slug":"uebersicht-beitraege-2022","status":"publish","type":"page","link":"https:\/\/frankenbach.bibibo.info\/?page_id=17891","title":{"rendered":"\u00dcbersicht Beitr\u00e4ge 2022"},"content":{"rendered":"<div class=\"wp-block-image\">\n<figure class=\"aligncenter size-full\"><img loading=\"lazy\" decoding=\"async\" width=\"300\" height=\"168\" src=\"http:\/\/frankenbach.bibibo.info\/wp-content\/uploads\/2023\/01\/2022-pixabay.jpg\" alt=\"\" class=\"wp-image-17894\"\/><figcaption class=\"wp-element-caption\"><strong>Bildquelle: pixabay.com<\/strong><\/figcaption><\/figure>\n<\/div>\n\n\n<figure class=\"wp-block-gallery has-nested-images columns-default is-cropped wp-block-gallery-1 is-layout-flex wp-block-gallery-is-layout-flex\">\n<figure class=\"wp-block-image size-large\"><img loading=\"lazy\" decoding=\"async\" width=\"694\" height=\"564\" data-id=\"17896\" src=\"http:\/\/frankenbach.bibibo.info\/wp-content\/uploads\/2023\/01\/Hausarztpraxis-Biebertal-3-1.jpg\" alt=\"\" class=\"wp-image-17896\" srcset=\"https:\/\/frankenbach.bibibo.info\/wp-content\/uploads\/2023\/01\/Hausarztpraxis-Biebertal-3-1.jpg 694w, https:\/\/frankenbach.bibibo.info\/wp-content\/uploads\/2023\/01\/Hausarztpraxis-Biebertal-3-1-300x244.jpg 300w\" sizes=\"auto, (max-width: 694px) 100vw, 694px\" \/><figcaption class=\"wp-element-caption\"><a href=\"http:\/\/frankenbach.bibibo.info\/hausarztpraxis-biebertal-jetzt-unter-einem-dach\/\" target=\"_blank\" rel=\"noreferrer noopener\">Hausarztpraxis jetzt unter einem Dach<\/a><\/figcaption><\/figure>\n\n\n\n<figure class=\"wp-block-image size-large\"><img loading=\"lazy\" decoding=\"async\" width=\"738\" height=\"902\" data-id=\"17897\" src=\"http:\/\/frankenbach.bibibo.info\/wp-content\/uploads\/2023\/01\/Foto-von-Wolfgang-Waldschmidt.jpeg\" alt=\"\" class=\"wp-image-17897\" srcset=\"https:\/\/frankenbach.bibibo.info\/wp-content\/uploads\/2023\/01\/Foto-von-Wolfgang-Waldschmidt.jpeg 738w, https:\/\/frankenbach.bibibo.info\/wp-content\/uploads\/2023\/01\/Foto-von-Wolfgang-Waldschmidt-245x300.jpeg 245w\" sizes=\"auto, (max-width: 738px) 100vw, 738px\" \/><figcaption class=\"wp-element-caption\"><a href=\"http:\/\/frankenbach.bibibo.info\/20-bewohnerinnen-und-1-plumpsklo\/\" target=\"_blank\" rel=\"noreferrer noopener\">20 Bewohner und 1 Plumpsklo<\/a><\/figcaption><\/figure>\n\n\n\n<figure class=\"wp-block-image size-large\"><img loading=\"lazy\" decoding=\"async\" width=\"1024\" height=\"768\" data-id=\"17899\" src=\"http:\/\/frankenbach.bibibo.info\/wp-content\/uploads\/2023\/01\/Tomatenaussaat-18.03.22-1024x768.jpg\" alt=\"\" class=\"wp-image-17899\" srcset=\"https:\/\/frankenbach.bibibo.info\/wp-content\/uploads\/2023\/01\/Tomatenaussaat-18.03.22-1024x768.jpg 1024w, https:\/\/frankenbach.bibibo.info\/wp-content\/uploads\/2023\/01\/Tomatenaussaat-18.03.22-300x225.jpg 300w, https:\/\/frankenbach.bibibo.info\/wp-content\/uploads\/2023\/01\/Tomatenaussaat-18.03.22-768x576.jpg 768w, https:\/\/frankenbach.bibibo.info\/wp-content\/uploads\/2023\/01\/Tomatenaussaat-18.03.22-1536x1152.jpg 1536w, https:\/\/frankenbach.bibibo.info\/wp-content\/uploads\/2023\/01\/Tomatenaussaat-18.03.22-2048x1536.jpg 2048w\" sizes=\"auto, (max-width: 1024px) 100vw, 1024px\" \/><figcaption class=\"wp-element-caption\"><a href=\"http:\/\/frankenbach.bibibo.info\/maerz-tomatenaussaezeit\/\" target=\"_blank\" rel=\"noreferrer noopener\">M\u00e4rz = Tomatenauss\u00e4zeit<\/a><\/figcaption><\/figure>\n\n\n\n<figure class=\"wp-block-image size-large\"><img loading=\"lazy\" decoding=\"async\" width=\"1024\" height=\"768\" data-id=\"17898\" src=\"http:\/\/frankenbach.bibibo.info\/wp-content\/uploads\/2023\/01\/Vach-1-1024x768-1.jpg\" alt=\"\" class=\"wp-image-17898\" srcset=\"https:\/\/frankenbach.bibibo.info\/wp-content\/uploads\/2023\/01\/Vach-1-1024x768-1.jpg 1024w, https:\/\/frankenbach.bibibo.info\/wp-content\/uploads\/2023\/01\/Vach-1-1024x768-1-300x225.jpg 300w, https:\/\/frankenbach.bibibo.info\/wp-content\/uploads\/2023\/01\/Vach-1-1024x768-1-768x576.jpg 768w\" sizes=\"auto, (max-width: 1024px) 100vw, 1024px\" \/><figcaption class=\"wp-element-caption\"><a href=\"http:\/\/frankenbach.bibibo.info\/hornveilchenverkauf-ein-voller-erfolg\/\" target=\"_blank\" rel=\"noreferrer noopener\">Hornveilchenverkauf ein voller Erfolg<\/a><\/figcaption><\/figure>\n\n\n\n<figure class=\"wp-block-image size-large\"><img loading=\"lazy\" decoding=\"async\" width=\"1024\" height=\"768\" data-id=\"17900\" src=\"http:\/\/frankenbach.bibibo.info\/wp-content\/uploads\/2023\/01\/Haus-2-1024x768-1.jpg\" alt=\"\" class=\"wp-image-17900\" srcset=\"https:\/\/frankenbach.bibibo.info\/wp-content\/uploads\/2023\/01\/Haus-2-1024x768-1.jpg 1024w, https:\/\/frankenbach.bibibo.info\/wp-content\/uploads\/2023\/01\/Haus-2-1024x768-1-300x225.jpg 300w, https:\/\/frankenbach.bibibo.info\/wp-content\/uploads\/2023\/01\/Haus-2-1024x768-1-768x576.jpg 768w\" sizes=\"auto, (max-width: 1024px) 100vw, 1024px\" \/><figcaption class=\"wp-element-caption\"><a href=\"http:\/\/frankenbach.bibibo.info\/spvgg-frankenbach-spendet-ebenfalls-fuer-ukraine\/\" target=\"_blank\" rel=\"noreferrer noopener\">SpVgg spendet f\u00fcr Ukraine<\/a><\/figcaption><\/figure>\n\n\n\n<figure class=\"wp-block-image size-large\"><img loading=\"lazy\" decoding=\"async\" width=\"768\" height=\"1024\" data-id=\"17901\" src=\"http:\/\/frankenbach.bibibo.info\/wp-content\/uploads\/2023\/01\/Ostergruss-Sandra-Loew.jpg\" alt=\"\" class=\"wp-image-17901\" srcset=\"https:\/\/frankenbach.bibibo.info\/wp-content\/uploads\/2023\/01\/Ostergruss-Sandra-Loew.jpg 768w, https:\/\/frankenbach.bibibo.info\/wp-content\/uploads\/2023\/01\/Ostergruss-Sandra-Loew-225x300.jpg 225w\" sizes=\"auto, (max-width: 768px) 100vw, 768px\" \/><figcaption class=\"wp-element-caption\"><a href=\"http:\/\/frankenbach.bibibo.info\/fruehlingsimpressionen-und-ostergruss-von-sandra-loew\/\" target=\"_blank\" rel=\"noreferrer noopener\">Fr\u00fchlingsgr\u00fc\u00dfe von Sandra L\u00f6w<\/a><\/figcaption><\/figure>\n\n\n\n<figure class=\"wp-block-image size-large\"><img loading=\"lazy\" decoding=\"async\" width=\"1024\" height=\"1024\" data-id=\"17902\" src=\"http:\/\/frankenbach.bibibo.info\/wp-content\/uploads\/2023\/01\/Wappen-1024x1024.jpg\" alt=\"\" class=\"wp-image-17902\" srcset=\"https:\/\/frankenbach.bibibo.info\/wp-content\/uploads\/2023\/01\/Wappen-1024x1024.jpg 1024w, https:\/\/frankenbach.bibibo.info\/wp-content\/uploads\/2023\/01\/Wappen-300x300.jpg 300w, https:\/\/frankenbach.bibibo.info\/wp-content\/uploads\/2023\/01\/Wappen-150x150.jpg 150w, https:\/\/frankenbach.bibibo.info\/wp-content\/uploads\/2023\/01\/Wappen-768x768.jpg 768w, https:\/\/frankenbach.bibibo.info\/wp-content\/uploads\/2023\/01\/Wappen-1536x1536.jpg 1536w, https:\/\/frankenbach.bibibo.info\/wp-content\/uploads\/2023\/01\/Wappen.jpg 1600w\" sizes=\"auto, (max-width: 1024px) 100vw, 1024px\" \/><figcaption class=\"wp-element-caption\"><a href=\"http:\/\/frankenbach.bibibo.info\/feg-pfadfinder-bekommen-wappen-und-fahne\/\" target=\"_blank\" rel=\"noreferrer noopener\">Frankenbacher Turmfalken<\/a><\/figcaption><\/figure>\n\n\n\n<figure class=\"wp-block-image size-large\"><img loading=\"lazy\" decoding=\"async\" width=\"1024\" height=\"477\" data-id=\"14812\" src=\"http:\/\/frankenbach.bibibo.info\/wp-content\/uploads\/2022\/05\/Karte-Koomot-1024x477.jpg\" alt=\"\" class=\"wp-image-14812\" srcset=\"https:\/\/frankenbach.bibibo.info\/wp-content\/uploads\/2022\/05\/Karte-Koomot-1024x477.jpg 1024w, https:\/\/frankenbach.bibibo.info\/wp-content\/uploads\/2022\/05\/Karte-Koomot-300x140.jpg 300w, https:\/\/frankenbach.bibibo.info\/wp-content\/uploads\/2022\/05\/Karte-Koomot-768x358.jpg 768w, https:\/\/frankenbach.bibibo.info\/wp-content\/uploads\/2022\/05\/Karte-Koomot.jpg 1274w\" sizes=\"auto, (max-width: 1024px) 100vw, 1024px\" \/><figcaption class=\"wp-element-caption\"><a href=\"http:\/\/frankenbach.bibibo.info\/biebertalwanderung-der-feg\/\" target=\"_blank\" rel=\"noreferrer noopener\">Biebertalwanderung der FeG<\/a><\/figcaption><\/figure>\n\n\n\n<figure class=\"wp-block-image size-large\"><img loading=\"lazy\" decoding=\"async\" width=\"1024\" height=\"768\" data-id=\"15069\" src=\"http:\/\/frankenbach.bibibo.info\/wp-content\/uploads\/2022\/06\/IMG_20220603_214327-1024x768.jpg\" alt=\"\" class=\"wp-image-15069\" srcset=\"https:\/\/frankenbach.bibibo.info\/wp-content\/uploads\/2022\/06\/IMG_20220603_214327-1024x768.jpg 1024w, https:\/\/frankenbach.bibibo.info\/wp-content\/uploads\/2022\/06\/IMG_20220603_214327-300x225.jpg 300w, https:\/\/frankenbach.bibibo.info\/wp-content\/uploads\/2022\/06\/IMG_20220603_214327-768x576.jpg 768w, https:\/\/frankenbach.bibibo.info\/wp-content\/uploads\/2022\/06\/IMG_20220603_214327-1536x1152.jpg 1536w, https:\/\/frankenbach.bibibo.info\/wp-content\/uploads\/2022\/06\/IMG_20220603_214327-2048x1536.jpg 2048w\" sizes=\"auto, (max-width: 1024px) 100vw, 1024px\" \/><figcaption class=\"wp-element-caption\"><a href=\"http:\/\/frankenbach.bibibo.info\/film-und-liederabend-2022-des-heimat-und-geschichtsvereins-frankenbach\/\" target=\"_blank\" rel=\"noreferrer noopener\">Film- &amp; Liederabend 2022<\/a><\/figcaption><\/figure>\n\n\n\n<figure class=\"wp-block-image size-large\"><img loading=\"lazy\" decoding=\"async\" width=\"1024\" height=\"768\" data-id=\"15649\" src=\"http:\/\/frankenbach.bibibo.info\/wp-content\/uploads\/2022\/07\/IMG_20220701_190652-1024x768.jpg\" alt=\"\" class=\"wp-image-15649\" srcset=\"https:\/\/frankenbach.bibibo.info\/wp-content\/uploads\/2022\/07\/IMG_20220701_190652-1024x768.jpg 1024w, https:\/\/frankenbach.bibibo.info\/wp-content\/uploads\/2022\/07\/IMG_20220701_190652-300x225.jpg 300w, https:\/\/frankenbach.bibibo.info\/wp-content\/uploads\/2022\/07\/IMG_20220701_190652-768x576.jpg 768w, https:\/\/frankenbach.bibibo.info\/wp-content\/uploads\/2022\/07\/IMG_20220701_190652-1536x1152.jpg 1536w, https:\/\/frankenbach.bibibo.info\/wp-content\/uploads\/2022\/07\/IMG_20220701_190652-2048x1536.jpg 2048w\" sizes=\"auto, (max-width: 1024px) 100vw, 1024px\" \/><figcaption class=\"wp-element-caption\"><a href=\"http:\/\/frankenbach.bibibo.info\/11-schreiner-mobil-i-m-wuerfelturnier\/\" target=\"_blank\" rel=\"noreferrer noopener\">11. Schreiner Mobil W\u00fcrfelturnier<\/a><\/figcaption><\/figure>\n\n\n\n<figure class=\"wp-block-image size-large\"><img loading=\"lazy\" decoding=\"async\" width=\"1024\" height=\"768\" data-id=\"17903\" src=\"http:\/\/frankenbach.bibibo.info\/wp-content\/uploads\/2023\/01\/IMG_20220702_201541-1024x768.jpg\" alt=\"\" class=\"wp-image-17903\" srcset=\"https:\/\/frankenbach.bibibo.info\/wp-content\/uploads\/2023\/01\/IMG_20220702_201541-1024x768.jpg 1024w, https:\/\/frankenbach.bibibo.info\/wp-content\/uploads\/2023\/01\/IMG_20220702_201541-300x225.jpg 300w, https:\/\/frankenbach.bibibo.info\/wp-content\/uploads\/2023\/01\/IMG_20220702_201541-768x576.jpg 768w, https:\/\/frankenbach.bibibo.info\/wp-content\/uploads\/2023\/01\/IMG_20220702_201541-1536x1152.jpg 1536w, https:\/\/frankenbach.bibibo.info\/wp-content\/uploads\/2023\/01\/IMG_20220702_201541-2048x1536.jpg 2048w\" sizes=\"auto, (max-width: 1024px) 100vw, 1024px\" \/><figcaption class=\"wp-element-caption\"><a href=\"http:\/\/frankenbach.bibibo.info\/open-air-konzert-am-brunnenplatz\/\" target=\"_blank\" rel=\"noreferrer noopener\">Open-Air Konzert 2022<\/a><\/figcaption><\/figure>\n\n\n\n<figure class=\"wp-block-image size-large\"><img loading=\"lazy\" decoding=\"async\" width=\"1024\" height=\"727\" data-id=\"17904\" src=\"http:\/\/frankenbach.bibibo.info\/wp-content\/uploads\/2023\/01\/Sommerfest_Einladung_1-1024x727-1.png\" alt=\"\" class=\"wp-image-17904\" srcset=\"https:\/\/frankenbach.bibibo.info\/wp-content\/uploads\/2023\/01\/Sommerfest_Einladung_1-1024x727-1.png 1024w, https:\/\/frankenbach.bibibo.info\/wp-content\/uploads\/2023\/01\/Sommerfest_Einladung_1-1024x727-1-300x213.png 300w, https:\/\/frankenbach.bibibo.info\/wp-content\/uploads\/2023\/01\/Sommerfest_Einladung_1-1024x727-1-768x545.png 768w\" sizes=\"auto, (max-width: 1024px) 100vw, 1024px\" \/><figcaption class=\"wp-element-caption\"><a href=\"http:\/\/frankenbach.bibibo.info\/140-jahre-feg-frankenbach\/\" target=\"_blank\" rel=\"noreferrer noopener\">140 Jahre FeG<\/a><\/figcaption><\/figure>\n\n\n\n<figure class=\"wp-block-image size-large\"><img loading=\"lazy\" decoding=\"async\" width=\"1024\" height=\"727\" data-id=\"17905\" src=\"http:\/\/frankenbach.bibibo.info\/wp-content\/uploads\/2023\/01\/Piepmaetze-3.png\" alt=\"\" class=\"wp-image-17905\" srcset=\"https:\/\/frankenbach.bibibo.info\/wp-content\/uploads\/2023\/01\/Piepmaetze-3.png 1024w, https:\/\/frankenbach.bibibo.info\/wp-content\/uploads\/2023\/01\/Piepmaetze-3-300x213.png 300w, https:\/\/frankenbach.bibibo.info\/wp-content\/uploads\/2023\/01\/Piepmaetze-3-768x545.png 768w\" sizes=\"auto, (max-width: 1024px) 100vw, 1024px\" \/><figcaption class=\"wp-element-caption\"><a href=\"http:\/\/frankenbach.bibibo.info\/piepmaetze-sind-wieder-da\/\" target=\"_blank\" rel=\"noreferrer noopener\">Piepm\u00e4tze sind wieder da<\/a><\/figcaption><\/figure>\n\n\n\n<figure class=\"wp-block-image size-large\"><img loading=\"lazy\" decoding=\"async\" width=\"1024\" height=\"768\" data-id=\"17906\" src=\"http:\/\/frankenbach.bibibo.info\/wp-content\/uploads\/2023\/01\/IMG_20220807_134244-1024x768.jpg\" alt=\"\" class=\"wp-image-17906\" srcset=\"https:\/\/frankenbach.bibibo.info\/wp-content\/uploads\/2023\/01\/IMG_20220807_134244-1024x768.jpg 1024w, https:\/\/frankenbach.bibibo.info\/wp-content\/uploads\/2023\/01\/IMG_20220807_134244-300x225.jpg 300w, https:\/\/frankenbach.bibibo.info\/wp-content\/uploads\/2023\/01\/IMG_20220807_134244-768x576.jpg 768w, https:\/\/frankenbach.bibibo.info\/wp-content\/uploads\/2023\/01\/IMG_20220807_134244-1536x1152.jpg 1536w, https:\/\/frankenbach.bibibo.info\/wp-content\/uploads\/2023\/01\/IMG_20220807_134244-2048x1536.jpg 2048w\" sizes=\"auto, (max-width: 1024px) 100vw, 1024px\" \/><figcaption class=\"wp-element-caption\"><a href=\"http:\/\/frankenbach.bibibo.info\/kaffeeklatsch-am-brunnenplatz\/\" target=\"_blank\" rel=\"noreferrer noopener\">Kaffeeklatsch am Brunnenplatz<\/a><\/figcaption><\/figure>\n\n\n\n<figure class=\"wp-block-image size-large\"><img loading=\"lazy\" decoding=\"async\" width=\"1024\" height=\"768\" data-id=\"17907\" src=\"http:\/\/frankenbach.bibibo.info\/wp-content\/uploads\/2023\/01\/220803_Ortsdiener-1024x768.jpg\" alt=\"\" class=\"wp-image-17907\" srcset=\"https:\/\/frankenbach.bibibo.info\/wp-content\/uploads\/2023\/01\/220803_Ortsdiener-1024x768.jpg 1024w, https:\/\/frankenbach.bibibo.info\/wp-content\/uploads\/2023\/01\/220803_Ortsdiener-300x225.jpg 300w, https:\/\/frankenbach.bibibo.info\/wp-content\/uploads\/2023\/01\/220803_Ortsdiener-768x576.jpg 768w, https:\/\/frankenbach.bibibo.info\/wp-content\/uploads\/2023\/01\/220803_Ortsdiener-1536x1152.jpg 1536w, https:\/\/frankenbach.bibibo.info\/wp-content\/uploads\/2023\/01\/220803_Ortsdiener-2048x1536.jpg 2048w\" sizes=\"auto, (max-width: 1024px) 100vw, 1024px\" \/><figcaption class=\"wp-element-caption\"><a href=\"http:\/\/frankenbach.bibibo.info\/geschichten-zum-mitmachen\/\" target=\"_blank\" rel=\"noreferrer noopener\">Ferienspielangebot 2022<\/a><\/figcaption><\/figure>\n\n\n\n<figure class=\"wp-block-image size-large\"><img loading=\"lazy\" decoding=\"async\" width=\"1024\" height=\"768\" data-id=\"17908\" src=\"http:\/\/frankenbach.bibibo.info\/wp-content\/uploads\/2023\/01\/Buergerhaus-Freissitz2.jpg\" alt=\"\" class=\"wp-image-17908\" srcset=\"https:\/\/frankenbach.bibibo.info\/wp-content\/uploads\/2023\/01\/Buergerhaus-Freissitz2.jpg 1024w, https:\/\/frankenbach.bibibo.info\/wp-content\/uploads\/2023\/01\/Buergerhaus-Freissitz2-300x225.jpg 300w, https:\/\/frankenbach.bibibo.info\/wp-content\/uploads\/2023\/01\/Buergerhaus-Freissitz2-768x576.jpg 768w\" sizes=\"auto, (max-width: 1024px) 100vw, 1024px\" \/><figcaption class=\"wp-element-caption\"><a href=\"http:\/\/frankenbach.bibibo.info\/anbauparty-in-frankenbach\/\" target=\"_blank\" rel=\"noreferrer noopener\">Anbauparty<\/a><\/figcaption><\/figure>\n\n\n\n<figure class=\"wp-block-image size-large\"><img loading=\"lazy\" decoding=\"async\" width=\"1024\" height=\"768\" data-id=\"17909\" src=\"http:\/\/frankenbach.bibibo.info\/wp-content\/uploads\/2023\/01\/IMG_20221003_161710-1024x768.jpg\" alt=\"\" class=\"wp-image-17909\" srcset=\"https:\/\/frankenbach.bibibo.info\/wp-content\/uploads\/2023\/01\/IMG_20221003_161710-1024x768.jpg 1024w, https:\/\/frankenbach.bibibo.info\/wp-content\/uploads\/2023\/01\/IMG_20221003_161710-300x225.jpg 300w, https:\/\/frankenbach.bibibo.info\/wp-content\/uploads\/2023\/01\/IMG_20221003_161710-768x576.jpg 768w, https:\/\/frankenbach.bibibo.info\/wp-content\/uploads\/2023\/01\/IMG_20221003_161710-1536x1152.jpg 1536w, https:\/\/frankenbach.bibibo.info\/wp-content\/uploads\/2023\/01\/IMG_20221003_161710-2048x1536.jpg 2048w\" sizes=\"auto, (max-width: 1024px) 100vw, 1024px\" \/><figcaption class=\"wp-element-caption\"><a href=\"http:\/\/frankenbach.bibibo.info\/backhaustreff-2022\/\" target=\"_blank\" rel=\"noreferrer noopener\">Backhaustreff 2022<\/a><\/figcaption><\/figure>\n\n\n\n<figure class=\"wp-block-image size-large\"><img loading=\"lazy\" decoding=\"async\" width=\"1024\" height=\"683\" data-id=\"17910\" src=\"http:\/\/frankenbach.bibibo.info\/wp-content\/uploads\/2023\/01\/Judith-und-Henrik.jpg\" alt=\"\" class=\"wp-image-17910\" srcset=\"https:\/\/frankenbach.bibibo.info\/wp-content\/uploads\/2023\/01\/Judith-und-Henrik.jpg 1024w, https:\/\/frankenbach.bibibo.info\/wp-content\/uploads\/2023\/01\/Judith-und-Henrik-300x200.jpg 300w, https:\/\/frankenbach.bibibo.info\/wp-content\/uploads\/2023\/01\/Judith-und-Henrik-768x512.jpg 768w, https:\/\/frankenbach.bibibo.info\/wp-content\/uploads\/2023\/01\/Judith-und-Henrik-120x80.jpg 120w\" sizes=\"auto, (max-width: 1024px) 100vw, 1024px\" \/><figcaption class=\"wp-element-caption\"><a href=\"http:\/\/frankenbach.bibibo.info\/frankenbacher-augenblick-die-situation-der-landwirtschaft-heute-am-beispiel-des-biebertaler-ortsteiles-frankenbach\/\" target=\"_blank\" rel=\"noreferrer noopener\">Frankenbacher Augenblick 2022<\/a><\/figcaption><\/figure>\n\n\n\n<figure class=\"wp-block-image size-large\"><img loading=\"lazy\" decoding=\"async\" width=\"1024\" height=\"768\" data-id=\"17711\" src=\"http:\/\/frankenbach.bibibo.info\/wp-content\/uploads\/2022\/12\/IMG_20221204_171153-1024x768.jpg\" alt=\"\" class=\"wp-image-17711\" srcset=\"https:\/\/frankenbach.bibibo.info\/wp-content\/uploads\/2022\/12\/IMG_20221204_171153-1024x768.jpg 1024w, https:\/\/frankenbach.bibibo.info\/wp-content\/uploads\/2022\/12\/IMG_20221204_171153-300x225.jpg 300w, https:\/\/frankenbach.bibibo.info\/wp-content\/uploads\/2022\/12\/IMG_20221204_171153-768x576.jpg 768w, https:\/\/frankenbach.bibibo.info\/wp-content\/uploads\/2022\/12\/IMG_20221204_171153-1536x1152.jpg 1536w, https:\/\/frankenbach.bibibo.info\/wp-content\/uploads\/2022\/12\/IMG_20221204_171153-2048x1536.jpg 2048w\" sizes=\"auto, (max-width: 1024px) 100vw, 1024px\" \/><figcaption class=\"wp-element-caption\"><a href=\"http:\/\/frankenbach.bibibo.info\/adventsmarkt-in-frankenbach\/\" target=\"_blank\" rel=\"noreferrer noopener\">Adventsmarkt 2022<\/a><\/figcaption><\/figure>\n\n\n\n<figure class=\"wp-block-image size-large\"><img loading=\"lazy\" decoding=\"async\" width=\"1024\" height=\"768\" data-id=\"17911\" src=\"http:\/\/frankenbach.bibibo.info\/wp-content\/uploads\/2023\/01\/Huettengaudi-2022-3-1024x768-1.jpg\" alt=\"\" class=\"wp-image-17911\" srcset=\"https:\/\/frankenbach.bibibo.info\/wp-content\/uploads\/2023\/01\/Huettengaudi-2022-3-1024x768-1.jpg 1024w, https:\/\/frankenbach.bibibo.info\/wp-content\/uploads\/2023\/01\/Huettengaudi-2022-3-1024x768-1-300x225.jpg 300w, https:\/\/frankenbach.bibibo.info\/wp-content\/uploads\/2023\/01\/Huettengaudi-2022-3-1024x768-1-768x576.jpg 768w\" sizes=\"auto, (max-width: 1024px) 100vw, 1024px\" \/><figcaption class=\"wp-element-caption\"><a href=\"http:\/\/frankenbach.bibibo.info\/huettengaudi-frankenbach-2022\/\" target=\"_blank\" rel=\"noreferrer noopener\">H\u00fcttengaudi 2022<\/a><\/figcaption><\/figure>\n<figcaption class=\"blocks-gallery-caption wp-element-caption\"><strong>Das Jahr 2022 in Frankenbach in Bildern<\/strong><\/figcaption><\/figure>\n<div class=\"gsp_post_data\" \r\n\t            data-post_type=\"page\" \r\n\t            data-cat=\"\" \r\n\t            data-modified=\"120\"\r\n\t            data-created=\"1673464740\"\r\n\t            data-title=\"\u00dcbersicht Beitr\u00e4ge 2022\" \r\n\t            data-home=\"https:\/\/frankenbach.bibibo.info\"><\/div>","protected":false},"excerpt":{"rendered":"","protected":false},"author":2,"featured_media":0,"parent":0,"menu_order":0,"comment_status":"closed","ping_status":"closed","template":"","meta":{"footnotes":""},"class_list":["post-17891","page","type-page","status-publish","hentry"],"_links":{"self":[{"href":"https:\/\/frankenbach.bibibo.info\/index.php?rest_route=\/wp\/v2\/pages\/17891","targetHints":{"allow":["GET"]}}],"collection":[{"href":"https:\/\/frankenbach.bibibo.info\/index.php?rest_route=\/wp\/v2\/pages"}],"about":[{"href":"https:\/\/frankenbach.bibibo.info\/index.php?rest_route=\/wp\/v2\/types\/page"}],"author":[{"embeddable":true,"href":"https:\/\/frankenbach.bibibo.info\/index.php?rest_route=\/wp\/v2\/users\/2"}],"replies":[{"embeddable":true,"href":"https:\/\/frankenbach.bibibo.info\/index.php?rest_route=%2Fwp%2Fv2%2Fcomments&post=17891"}],"version-history":[{"count":0,"href":"https:\/\/frankenbach.bibibo.info\/index.php?rest_route=\/wp\/v2\/pages\/17891\/revisions"}],"wp:attachment":[{"href":"https:\/\/frankenbach.bibibo.info\/index.php?rest_route=%2Fwp%2Fv2%2Fmedia&parent=17891"}],"curies":[{"name":"wp","href":"https:\/\/api.w.org\/{rel}","templated":true}]}}